{"id":16,"date":"2023-04-11T17:09:11","date_gmt":"2023-04-11T15:09:11","guid":{"rendered":"https:\/\/ambasciatapraga.esteri.it\/?page_id=16"},"modified":"2023-04-11T17:11:19","modified_gmt":"2023-04-11T15:11:19","slug":"news","status":"publish","type":"page","link":"https:\/\/ambkiev.esteri.it\/it\/news\/","title":{"rendered":"Notizie"},"content":{"rendered":"        <div class=\"row\">\n\t\t\t<!-- Ricerca sedi post -->\n\t\t\t<div class=\"col-12 mt-4\">\n\t\t\t  <div class=\"callout callout-highlight note ricerca-esteri p-4\">\n                    <div class=\"callout-title\">\n                        <svg class=\"icon\">\n                            <use xlink:href=\"https:\/\/ambkiev.esteri.it\/wp-content\/themes\/sedi-tema\/assets\/svg\/sprites.svg#it-search\"><\/use>\n                        <\/svg>Inserisci i parametri di ricerca                    <\/div>\n                    <form id=\"searchFormPost\" name=\"form-search-post\" class=\"form-row align-items-center\" action=\"https:\/\/ambkiev.esteri.it\/it\/wp-json\/wp\/v2\/pages\/16\/\" method=\"GET\"> \n                        <!-- <div class=\"form-group pt-5\"> -->\n                            <!-- <input type=\"hidden\" id=\"lang\" name=\"lang\" value=\"\"> --> <!-- <\/div> -->\n\n                        <div class=\"it-datepicker-wrapper\">\n                            <div class=\"row\">\n                                <div class=\"form-group col-md-6\">\n                                    <label class=\"active\" for=\"date-init\">Dal<\/label>\n                                    <input class=\"form-control\" name=\"date-init\" id=\"date-init\" type=\"date\" placeholder=\"gg\/mm\/aaaa\" value=\"\"lang=\"en-EN\">  \n                                <\/div>\n                                <div class=\"form-group col-md-6\">\n                                    <label class=\"active\" for=\"date-end\">Al<\/label>\n                                    <input class=\"form-control\" name=\"date-end\" id=\"date-end\" type=\"date\" placeholder=\"gg\/mm\/aaaa\" value=\"\">\n                                <\/div>\n                            <\/div>\n                        <\/div>\n                        <div class=\"form-group col-md-12 mt-3\">\n                            <label for=\"searchText\">Campo ricerca libera<\/label>\n                            <input type=\"text\" name=\"searchText\" class=\"form-control\" id=\"searchText\" value=\"\">\n                        <\/div>\n                        <div class=\"form-group col-md-4 offset-md-8 text-end\">\n                            <a href=\"https:\/\/ambkiev.esteri.it\/it\/news\/\" title=\"Form reset\" id=\"resetImput\" class=\"btn btn-outline-primary btn-xs\">Reset<\/a>\n                            <button type=\"submit\" class=\"btn btn-primary btn-xs\">Mostra risultati<\/button>\n                        <\/div>\n                    <\/form>\n\t\t\t\t<\/div>\n\t\t\t<\/div>\n\t\t<\/div>\n                    \n            <div class=\"row\">\n                            <div class=\"col-12 mt-3\">\n                <!--start card-->\n                <div class=\"card-wrapper card-space\">\n                    <div class=\"card card-bg card-big border-bottom-card\">\n                        <div class=\"card-body \">\n                                                        <div class=\"category-top\">\n                                                                                                            <span class=\"\">\n                                        <svg class=\"icon icon-secondary\">\n                                            <use xlink:href=\"https:\/\/ambkiev.esteri.it\/wp-content\/themes\/sedi-tema\/assets\/svg\/sprites.svg#it-calendar\"><\/use>\n                                        <\/svg> 23 Aprile 2026                                    <\/span>\n                                                                    <\/div>\n                            <h5 class=\"card-title big-heading text-uppercase\"><a class=\"text-body text-decoration-none\" href=\"https:\/\/ambkiev.esteri.it\/it\/news\/dall_ambasciata\/2026\/04\/visita-in-ucraina-del-ministro-per-lo-sport-e-i-giovani-della-repubblica-italiana-andrea-abodi-incontro-con-il-ministro-matvii-bidnyi-e-firma-del-piano-dazione-congiunto-2026-2027\/\" title=\"Visita in Ucraina del Ministro per lo Sport e i Giovani della Repubblica Italiana Andrea Abodi. Incontro con il Ministro Matvii Bidnyi e firma del Piano d&#8217;Azione Congiunto 2026\u20132027\">Visita in Ucraina del Ministro per lo Sport e i Giovani della Repubblica Italiana Andrea Abodi. Incontro con il Ministro Matvii Bidnyi e firma del Piano d&#8217;Azione Congiunto 2026\u20132027<\/a><\/h5>\n                            <p class=\"card-text\">Il Ministro per lo Sport e i Giovani della Repubblica Italiana, Andrea Abodi, ha compiuto una visita ufficiale a Leopoli, accompagnato dall&#8217;Ambasciatore d&#8217;Italia in Ucraina, Carlo Formosa. Il Ministro Abodi ha il suo omologo ucraino, Matvii Bidnyi, con il quale ha firmato il Piano d&#8217;Azione Congiunto 2026-2027 nei settori della giovent\u00f9 e dello sport. \u201cSono [&hellip;]<\/p>\n                                <a title=\"Visita in Ucraina del Ministro per lo Sport e i Giovani della Repubblica Italiana Andrea Abodi. Incontro con il Ministro Matvii Bidnyi e firma del Piano d&#8217;Azione Congiunto 2026\u20132027\" class=\"read-more\" href=\"https:\/\/ambkiev.esteri.it\/it\/news\/dall_ambasciata\/2026\/04\/visita-in-ucraina-del-ministro-per-lo-sport-e-i-giovani-della-repubblica-italiana-andrea-abodi-incontro-con-il-ministro-matvii-bidnyi-e-firma-del-piano-dazione-congiunto-2026-2027\/\">\n                                    <span class=\"text\">Leggi di pi\u00f9<\/span>\n                                    <svg class=\"icon\">\n                                    <use xlink:href=\"https:\/\/ambkiev.esteri.it\/wp-content\/themes\/sedi-tema\/assets\/svg\/sprites.svg#it-arrow-right\"><\/use>\n                                    <\/svg>\n                                <\/a>\n                                                    <\/div>\n                    <\/div>\n                <\/div>\n                <!--end card-->\n                <\/div><!-- col-12 .mt-3-->\n                            <div class=\"col-12 mt-3\">\n                <!--start card-->\n                <div class=\"card-wrapper card-space\">\n                    <div class=\"card card-bg card-big border-bottom-card\">\n                        <div class=\"card-body \">\n                                                        <div class=\"category-top\">\n                                                                                                            <span class=\"\">\n                                        <svg class=\"icon icon-secondary\">\n                                            <use xlink:href=\"https:\/\/ambkiev.esteri.it\/wp-content\/themes\/sedi-tema\/assets\/svg\/sprites.svg#it-calendar\"><\/use>\n                                        <\/svg> 15 Aprile 2026                                    <\/span>\n                                                                    <\/div>\n                            <h5 class=\"card-title big-heading text-uppercase\"><a class=\"text-body text-decoration-none\" href=\"https:\/\/ambkiev.esteri.it\/it\/news\/dall_ambasciata\/2026\/04\/incontri-del-presidente-della-repubblica-del-presidente-del-consiglio-e-del-ministro-della-difesa-italiani-con-il-presidente-dellucraina\/\" title=\"Incontri del Presidente della Repubblica, del Presidente del Consiglio e del Ministro della Difesa italiani con il Presidente dell\u2019Ucraina\">Incontri del Presidente della Repubblica, del Presidente del Consiglio e del Ministro della Difesa italiani con il Presidente dell\u2019Ucraina<\/a><\/h5>\n                            <p class=\"card-text\">Il 15 aprile 2026 il Presidente dell&#8217;Ucraina, Volodymyr Zelenskyy, ha compiuto una visita ufficiale a Roma nell&#8217;ambito di un tour europeo volto a rafforzare il sostegno militare, diplomatico e finanziario all&#8217;Ucraina, incontrando il Presidente della Repubblica, Sergio Mattarella, il Presidente del Consiglio, On. Giorgia Meloni, e il Ministro della Difesa, On. Guido Crosetto. Presente nella [&hellip;]<\/p>\n                                <a title=\"Incontri del Presidente della Repubblica, del Presidente del Consiglio e del Ministro della Difesa italiani con il Presidente dell\u2019Ucraina\" class=\"read-more\" href=\"https:\/\/ambkiev.esteri.it\/it\/news\/dall_ambasciata\/2026\/04\/incontri-del-presidente-della-repubblica-del-presidente-del-consiglio-e-del-ministro-della-difesa-italiani-con-il-presidente-dellucraina\/\">\n                                    <span class=\"text\">Leggi di pi\u00f9<\/span>\n                                    <svg class=\"icon\">\n                                    <use xlink:href=\"https:\/\/ambkiev.esteri.it\/wp-content\/themes\/sedi-tema\/assets\/svg\/sprites.svg#it-arrow-right\"><\/use>\n                                    <\/svg>\n                                <\/a>\n                                                    <\/div>\n                    <\/div>\n                <\/div>\n                <!--end card-->\n                <\/div><!-- col-12 .mt-3-->\n                            <div class=\"col-12 mt-3\">\n                <!--start card-->\n                <div class=\"card-wrapper card-space\">\n                    <div class=\"card card-bg card-big border-bottom-card\">\n                        <div class=\"card-body \">\n                                                        <div class=\"category-top\">\n                                                                                                            <span class=\"\">\n                                        <svg class=\"icon icon-secondary\">\n                                            <use xlink:href=\"https:\/\/ambkiev.esteri.it\/wp-content\/themes\/sedi-tema\/assets\/svg\/sprites.svg#it-calendar\"><\/use>\n                                        <\/svg> 31 Marzo 2026                                    <\/span>\n                                                                    <\/div>\n                            <h5 class=\"card-title big-heading text-uppercase\"><a class=\"text-body text-decoration-none\" href=\"https:\/\/ambkiev.esteri.it\/it\/news\/dall_ambasciata\/2026\/03\/visita-in-ucraina-del-vice-presidente-del-consiglio-e-ministro-degli-affari-esteri-antonio-tajani-31-marzo-2026\/\" title=\"Visita in Ucraina del Vice Presidente del Consiglio e Ministro degli Affari Esteri, Antonio Tajani\">Visita in Ucraina del Vice Presidente del Consiglio e Ministro degli Affari Esteri, Antonio Tajani<\/a><\/h5>\n                            <p class=\"card-text\">Durante la sua missione a Kiev per partecipare alla riunione informale dei Ministri degli Esteri dell&#8217;Unione europea, organizzata in occasione del quarto anniversario del massacro di Bucha, il Vice Presidente del Consiglio e Ministro degli Affari Esteri e della Cooperazione Internazionale, On. Antonio Tajani, ha avuto una serie di impegni bilaterali e istituzionali, volti a [&hellip;]<\/p>\n                                <a title=\"Visita in Ucraina del Vice Presidente del Consiglio e Ministro degli Affari Esteri, Antonio Tajani\" class=\"read-more\" href=\"https:\/\/ambkiev.esteri.it\/it\/news\/dall_ambasciata\/2026\/03\/visita-in-ucraina-del-vice-presidente-del-consiglio-e-ministro-degli-affari-esteri-antonio-tajani-31-marzo-2026\/\">\n                                    <span class=\"text\">Leggi di pi\u00f9<\/span>\n                                    <svg class=\"icon\">\n                                    <use xlink:href=\"https:\/\/ambkiev.esteri.it\/wp-content\/themes\/sedi-tema\/assets\/svg\/sprites.svg#it-arrow-right\"><\/use>\n                                    <\/svg>\n                                <\/a>\n                                                    <\/div>\n                    <\/div>\n                <\/div>\n                <!--end card-->\n                <\/div><!-- col-12 .mt-3-->\n                            <div class=\"col-12 mt-3\">\n                <!--start card-->\n                <div class=\"card-wrapper card-space\">\n                    <div class=\"card card-bg card-big border-bottom-card\">\n                        <div class=\"card-body \">\n                                                        <div class=\"category-top\">\n                                                                                                            <span class=\"\">\n                                        <svg class=\"icon icon-secondary\">\n                                            <use xlink:href=\"https:\/\/ambkiev.esteri.it\/wp-content\/themes\/sedi-tema\/assets\/svg\/sprites.svg#it-calendar\"><\/use>\n                                        <\/svg> 30 Marzo 2026                                    <\/span>\n                                                                    <\/div>\n                            <h5 class=\"card-title big-heading text-uppercase\"><a class=\"text-body text-decoration-none\" href=\"https:\/\/ambkiev.esteri.it\/it\/news\/dall_ambasciata\/2026\/03\/partecipazione-del-ministro-della-cultura-on-alessandro-giuli-alla-seconda-conferenza-sulla-cultura-ucraina-a-leopoli\/\" title=\"Partecipazione del Ministro della Cultura, On. Alessandro Giuli, alla Seconda Conferenza sulla Cultura Ucraina a Leopoli\">Partecipazione del Ministro della Cultura, On. Alessandro Giuli, alla Seconda Conferenza sulla Cultura Ucraina a Leopoli<\/a><\/h5>\n                            <p class=\"card-text\">Il Ministro della Cultura, On. Alessandro Giuli, ha partecipato il 29-30 marzo 2026 a Leopoli alla &#8220;Seconda Conferenza sulla Cultura Ucraina: Cooperazione per la Resilienza&#8221;, organizzata dal governo ucraino e presieduta dalla Vice Prima Ministra e Ministra della Cultura ucraina, Tetyana Berezhna, a seguito degli impegni assunti in occasione della Conferenza sulla Ricostruzione dell&#8217;Ucraina di [&hellip;]<\/p>\n                                <a title=\"Partecipazione del Ministro della Cultura, On. Alessandro Giuli, alla Seconda Conferenza sulla Cultura Ucraina a Leopoli\" class=\"read-more\" href=\"https:\/\/ambkiev.esteri.it\/it\/news\/dall_ambasciata\/2026\/03\/partecipazione-del-ministro-della-cultura-on-alessandro-giuli-alla-seconda-conferenza-sulla-cultura-ucraina-a-leopoli\/\">\n                                    <span class=\"text\">Leggi di pi\u00f9<\/span>\n                                    <svg class=\"icon\">\n                                    <use xlink:href=\"https:\/\/ambkiev.esteri.it\/wp-content\/themes\/sedi-tema\/assets\/svg\/sprites.svg#it-arrow-right\"><\/use>\n                                    <\/svg>\n                                <\/a>\n                                                    <\/div>\n                    <\/div>\n                <\/div>\n                <!--end card-->\n                <\/div><!-- col-12 .mt-3-->\n                            <div class=\"col-12 mt-3\">\n                <!--start card-->\n                <div class=\"card-wrapper card-space\">\n                    <div class=\"card card-bg card-big border-bottom-card\">\n                        <div class=\"card-body \">\n                                                        <div class=\"category-top\">\n                                                                                                            <span class=\"\">\n                                        <svg class=\"icon icon-secondary\">\n                                            <use xlink:href=\"https:\/\/ambkiev.esteri.it\/wp-content\/themes\/sedi-tema\/assets\/svg\/sprites.svg#it-calendar\"><\/use>\n                                        <\/svg> 26 Febbraio 2026                                    <\/span>\n                                                                    <\/div>\n                            <h5 class=\"card-title big-heading text-uppercase\"><a class=\"text-body text-decoration-none\" href=\"https:\/\/ambkiev.esteri.it\/it\/news\/dall_ambasciata\/2026\/02\/avviso-di-assunzione-di-un-impiegato-a-contratto-a-tempo-indeterminato-collaboratore-amministrativo\/\" title=\"Avviso di assunzione di un impiegato a contratto a tempo indeterminato \u2013 Collaboratore amministrativo\">Avviso di assunzione di un impiegato a contratto a tempo indeterminato \u2013 Collaboratore amministrativo<\/a><\/h5>\n                            <p class=\"card-text\">L\u2019Ambasciata d\u2019Italia in Ucraina rende noto che \u00e8 indetta una procedura di selezione per l\u2019assunzione di n. 1 (uno) impiegato a contratto a tempo indeterminato\u00a0presso la Sede di Kiev, da adibire ai servizi di\u00a0collaboratore amministrativo. Livello d\u2019italiano atteso: C1 o superiore. Requisiti generali: aver compiuto il diciottesimo anno di et\u00e0; essere di sana costituzione; essere [&hellip;]<\/p>\n                                <a title=\"Avviso di assunzione di un impiegato a contratto a tempo indeterminato \u2013 Collaboratore amministrativo\" class=\"read-more\" href=\"https:\/\/ambkiev.esteri.it\/it\/news\/dall_ambasciata\/2026\/02\/avviso-di-assunzione-di-un-impiegato-a-contratto-a-tempo-indeterminato-collaboratore-amministrativo\/\">\n                                    <span class=\"text\">Leggi di pi\u00f9<\/span>\n                                    <svg class=\"icon\">\n                                    <use xlink:href=\"https:\/\/ambkiev.esteri.it\/wp-content\/themes\/sedi-tema\/assets\/svg\/sprites.svg#it-arrow-right\"><\/use>\n                                    <\/svg>\n                                <\/a>\n                                                    <\/div>\n                    <\/div>\n                <\/div>\n                <!--end card-->\n                <\/div><!-- col-12 .mt-3-->\n                            <div class=\"col-12 mt-3\">\n                <!--start card-->\n                <div class=\"card-wrapper card-space\">\n                    <div class=\"card card-bg card-big border-bottom-card\">\n                        <div class=\"card-body \">\n                                                        <div class=\"category-top\">\n                                                                                                            <span class=\"\">\n                                        <svg class=\"icon icon-secondary\">\n                                            <use xlink:href=\"https:\/\/ambkiev.esteri.it\/wp-content\/themes\/sedi-tema\/assets\/svg\/sprites.svg#it-calendar\"><\/use>\n                                        <\/svg> 19 Febbraio 2026                                    <\/span>\n                                                                    <\/div>\n                            <h5 class=\"card-title big-heading text-uppercase\"><a class=\"text-body text-decoration-none\" href=\"https:\/\/ambkiev.esteri.it\/it\/news\/dall_ambasciata\/2026\/02\/avviso-allutenza-chiusura-cancelleria-consolare-il-25-e-26-febbraio-2026-per-aggiornamento-sistemi-informatici\/\" title=\"Avviso all&#8217;utenza \u2013 Chiusura Cancelleria Consolare il 25 e 26 febbraio 2026 per aggiornamento sistemi informatici\">Avviso all&#8217;utenza \u2013 Chiusura Cancelleria Consolare il 25 e 26 febbraio 2026 per aggiornamento sistemi informatici<\/a><\/h5>\n                            <p class=\"card-text\">Si informa la gentile utenza che, a causa di un importante aggiornamento dei sistemi informatici del Ministero degli Affari Esteri italiano, la Cancelleria Consolare rester\u00e0 chiusa al pubblico nelle giornate di: Mercoled\u00ec 25 febbraio 2026 Gioved\u00ec 26 febbraio 2026 Successivamente, il servizio riprender\u00e0 secondo i regolari orari. Gli appuntamenti gi\u00e0 fissati per tali date verranno [&hellip;]<\/p>\n                                <a title=\"Avviso all&#8217;utenza \u2013 Chiusura Cancelleria Consolare il 25 e 26 febbraio 2026 per aggiornamento sistemi informatici\" class=\"read-more\" href=\"https:\/\/ambkiev.esteri.it\/it\/news\/dall_ambasciata\/2026\/02\/avviso-allutenza-chiusura-cancelleria-consolare-il-25-e-26-febbraio-2026-per-aggiornamento-sistemi-informatici\/\">\n                                    <span class=\"text\">Leggi di pi\u00f9<\/span>\n                                    <svg class=\"icon\">\n                                    <use xlink:href=\"https:\/\/ambkiev.esteri.it\/wp-content\/themes\/sedi-tema\/assets\/svg\/sprites.svg#it-arrow-right\"><\/use>\n                                    <\/svg>\n                                <\/a>\n                                                    <\/div>\n                    <\/div>\n                <\/div>\n                <!--end card-->\n                <\/div><!-- col-12 .mt-3-->\n                            <div class=\"col-12 mt-3\">\n                <!--start card-->\n                <div class=\"card-wrapper card-space\">\n                    <div class=\"card card-bg card-big border-bottom-card\">\n                        <div class=\"card-body \">\n                                                        <div class=\"category-top\">\n                                                                                                            <span class=\"\">\n                                        <svg class=\"icon icon-secondary\">\n                                            <use xlink:href=\"https:\/\/ambkiev.esteri.it\/wp-content\/themes\/sedi-tema\/assets\/svg\/sprites.svg#it-calendar\"><\/use>\n                                        <\/svg> 12 Febbraio 2026                                    <\/span>\n                                                                    <\/div>\n                            <h5 class=\"card-title big-heading text-uppercase\"><a class=\"text-body text-decoration-none\" href=\"https:\/\/ambkiev.esteri.it\/it\/news\/dall_ambasciata\/2026\/02\/avviso-pubblico-di-sponsorizzazione-della-festa-nazionale-2026\/\" title=\"Avviso pubblico di sponsorizzazione della Festa Nazionale 2026\">Avviso pubblico di sponsorizzazione della Festa Nazionale 2026<\/a><\/h5>\n                            <p class=\"card-text\">L\u2019Ambasciata d\u2019Italia a Kiev celebrer\u00e0 la Festa Nazionale 2026 con un evento speciale in occasione dell\u2019anniversario della proclamazione della Repubblica. La serata, volta a celebrare le eccellenze italiane, vedr\u00e0 la partecipazione di autorit\u00e0, numerosi esponenti della comunit\u00e0 imprenditoriale italiana e ucraina, media oltre alla collettivit\u00e0 italiana residente. L\u2019Ambasciata d\u2019Italia a Kiev offre la possibilit\u00e0 di [&hellip;]<\/p>\n                                <a title=\"Avviso pubblico di sponsorizzazione della Festa Nazionale 2026\" class=\"read-more\" href=\"https:\/\/ambkiev.esteri.it\/it\/news\/dall_ambasciata\/2026\/02\/avviso-pubblico-di-sponsorizzazione-della-festa-nazionale-2026\/\">\n                                    <span class=\"text\">Leggi di pi\u00f9<\/span>\n                                    <svg class=\"icon\">\n                                    <use xlink:href=\"https:\/\/ambkiev.esteri.it\/wp-content\/themes\/sedi-tema\/assets\/svg\/sprites.svg#it-arrow-right\"><\/use>\n                                    <\/svg>\n                                <\/a>\n                                                    <\/div>\n                    <\/div>\n                <\/div>\n                <!--end card-->\n                <\/div><!-- col-12 .mt-3-->\n                            <div class=\"col-12 mt-3\">\n                <!--start card-->\n                <div class=\"card-wrapper card-space\">\n                    <div class=\"card card-bg card-big border-bottom-card\">\n                        <div class=\"card-body \">\n                                                        <div class=\"category-top\">\n                                                                                                            <span class=\"\">\n                                        <svg class=\"icon icon-secondary\">\n                                            <use xlink:href=\"https:\/\/ambkiev.esteri.it\/wp-content\/themes\/sedi-tema\/assets\/svg\/sprites.svg#it-calendar\"><\/use>\n                                        <\/svg> 12 Febbraio 2026                                    <\/span>\n                                                                    <\/div>\n                            <h5 class=\"card-title big-heading text-uppercase\"><a class=\"text-body text-decoration-none\" href=\"https:\/\/ambkiev.esteri.it\/it\/news\/dall_ambasciata\/2026\/02\/avviso-pubblico\/\" title=\"Avviso pubblico di sponsorizzazioni tecniche\">Avviso pubblico di sponsorizzazioni tecniche<\/a><\/h5>\n                            <p class=\"card-text\">AVVISO PUBBLICO Richiesta di manifestazioni di interesse per sponsorizzazioni tecniche &nbsp; Festa della Repubblica Italiana \u2013 2 Giugno 2026 L\u2019Ambasciata d\u2019Italia a Kiev, in occasione della celebrazione della Festa della Repubblica Italiana, che si terr\u00e0 il 2 giugno 2026, invita aziende, enti o operatori economici interessati a presentare offerte di sponsorizzazione tecnica, finalizzate alla fornitura [&hellip;]<\/p>\n                                <a title=\"Avviso pubblico di sponsorizzazioni tecniche\" class=\"read-more\" href=\"https:\/\/ambkiev.esteri.it\/it\/news\/dall_ambasciata\/2026\/02\/avviso-pubblico\/\">\n                                    <span class=\"text\">Leggi di pi\u00f9<\/span>\n                                    <svg class=\"icon\">\n                                    <use xlink:href=\"https:\/\/ambkiev.esteri.it\/wp-content\/themes\/sedi-tema\/assets\/svg\/sprites.svg#it-arrow-right\"><\/use>\n                                    <\/svg>\n                                <\/a>\n                                                    <\/div>\n                    <\/div>\n                <\/div>\n                <!--end card-->\n                <\/div><!-- col-12 .mt-3-->\n                            <div class=\"col-12 mt-3\">\n                <!--start card-->\n                <div class=\"card-wrapper card-space\">\n                    <div class=\"card card-bg card-big border-bottom-card\">\n                        <div class=\"card-body \">\n                                                        <div class=\"category-top\">\n                                                                                                            <span class=\"\">\n                                        <svg class=\"icon icon-secondary\">\n                                            <use xlink:href=\"https:\/\/ambkiev.esteri.it\/wp-content\/themes\/sedi-tema\/assets\/svg\/sprites.svg#it-calendar\"><\/use>\n                                        <\/svg> 21 Gennaio 2026                                    <\/span>\n                                                                    <\/div>\n                            <h5 class=\"card-title big-heading text-uppercase\"><a class=\"text-body text-decoration-none\" href=\"https:\/\/ambkiev.esteri.it\/it\/news\/dall_ambasciata\/2026\/01\/referendum-costituzionale-confermativo-dei-giorni-22-e-23-marzo-2026-indizione-e-voto-in-italia-rimborso-del-75-del-costo-del-biglietto-di-viaggio-per-gli-elettori-iscritti-allaire\/\" title=\"REFERENDUM COSTITUZIONALE CONFERMATIVO DEI GIORNI 22 e 23 MARZO 2026: INDIZIONE E VOTO IN ITALIA \u2013 RIMBORSO DEL 75% DEL COSTO DEL BIGLIETTO DI VIAGGIO PER GLI ELETTORI ISCRITTI ALL\u2019AIRE\">REFERENDUM COSTITUZIONALE CONFERMATIVO DEI GIORNI 22 e 23 MARZO 2026: INDIZIONE E VOTO IN ITALIA \u2013 RIMBORSO DEL 75% DEL COSTO DEL BIGLIETTO DI VIAGGIO PER GLI ELETTORI ISCRITTI ALL\u2019AIRE<\/a><\/h5>\n                            <p class=\"card-text\">Con Decreto del Presidente della Repubblica del 13\/01\/2026, pubblicato nella Gazzetta Ufficiale del 14\/01\/2026, \u00e8 stata fissata\u00a0nei giorni 22 e 23 MARZO 2026\u00a0la data del referendum ex art. 138 della Costituzione per la modifica di alcuni articoli della Costituzione (c.d. \u201cRiforma della giustizia\u201d). Stante il perdurante stato di guerra, ai sensi di quanto previsto dall\u2019art. [&hellip;]<\/p>\n                                <a title=\"REFERENDUM COSTITUZIONALE CONFERMATIVO DEI GIORNI 22 e 23 MARZO 2026: INDIZIONE E VOTO IN ITALIA \u2013 RIMBORSO DEL 75% DEL COSTO DEL BIGLIETTO DI VIAGGIO PER GLI ELETTORI ISCRITTI ALL\u2019AIRE\" class=\"read-more\" href=\"https:\/\/ambkiev.esteri.it\/it\/news\/dall_ambasciata\/2026\/01\/referendum-costituzionale-confermativo-dei-giorni-22-e-23-marzo-2026-indizione-e-voto-in-italia-rimborso-del-75-del-costo-del-biglietto-di-viaggio-per-gli-elettori-iscritti-allaire\/\">\n                                    <span class=\"text\">Leggi di pi\u00f9<\/span>\n                                    <svg class=\"icon\">\n                                    <use xlink:href=\"https:\/\/ambkiev.esteri.it\/wp-content\/themes\/sedi-tema\/assets\/svg\/sprites.svg#it-arrow-right\"><\/use>\n                                    <\/svg>\n                                <\/a>\n                                                    <\/div>\n                    <\/div>\n                <\/div>\n                <!--end card-->\n                <\/div><!-- col-12 .mt-3-->\n                            <div class=\"col-12 mt-3\">\n                <!--start card-->\n                <div class=\"card-wrapper card-space\">\n                    <div class=\"card card-bg card-big border-bottom-card\">\n                        <div class=\"card-body \">\n                                                        <div class=\"category-top\">\n                                                                                                            <span class=\"\">\n                                        <svg class=\"icon icon-secondary\">\n                                            <use xlink:href=\"https:\/\/ambkiev.esteri.it\/wp-content\/themes\/sedi-tema\/assets\/svg\/sprites.svg#it-calendar\"><\/use>\n                                        <\/svg> 25 Novembre 2025                                    <\/span>\n                                                                    <\/div>\n                            <h5 class=\"card-title big-heading text-uppercase\"><a class=\"text-body text-decoration-none\" href=\"https:\/\/ambkiev.esteri.it\/it\/news\/dall_ambasciata\/2025\/11\/giornata-internazionale-per-leliminazione-della-violenza-contro-le-donne\/\" title=\"Giornata Internazionale per l\u2019eliminazione della violenza contro le donne\">Giornata Internazionale per l\u2019eliminazione della violenza contro le donne<\/a><\/h5>\n                            <p class=\"card-text\">In occasione della Giornata Internazionale per l\u2019eliminazione della violenza contro le donne, il Ministro degli Affari Esteri e della Cooperazione Internazionale, Antonio Tajani, riafferma l\u2019impegno costante dell\u2019Italia e della Farnesina nel prevenire e contrastare ogni forma di violenza e discriminazione contro le donne, in Italia e nel mondo. \u201cLa violenza contro le donne \u00e8 una [&hellip;]<\/p>\n                                <a title=\"Giornata Internazionale per l\u2019eliminazione della violenza contro le donne\" class=\"read-more\" href=\"https:\/\/ambkiev.esteri.it\/it\/news\/dall_ambasciata\/2025\/11\/giornata-internazionale-per-leliminazione-della-violenza-contro-le-donne\/\">\n                                    <span class=\"text\">Leggi di pi\u00f9<\/span>\n                                    <svg class=\"icon\">\n                                    <use xlink:href=\"https:\/\/ambkiev.esteri.it\/wp-content\/themes\/sedi-tema\/assets\/svg\/sprites.svg#it-arrow-right\"><\/use>\n                                    <\/svg>\n                                <\/a>\n                                                    <\/div>\n                    <\/div>\n                <\/div>\n                <!--end card-->\n                <\/div><!-- col-12 .mt-3-->\n            \n            <div class=\"col-md-12 mt-4 pb-4\">\n                <nav class=\"navigation col-md-12\" aria-label=\"Navigation\">\n                    <h2 class=\"screen-reader-text visually-hidden\">Paginazione<\/h2>\n                    <div class=\"nav-links\">\n                    <span aria-current=\"page\" class=\"page-numbers current\">1<\/span>\n<a class=\"page-numbers\" href=\"https:\/\/ambkiev.esteri.it\/it\/wp-json\/wp\/v2\/pages\/16\/?pag=2\">2<\/a>\n<a class=\"page-numbers\" href=\"https:\/\/ambkiev.esteri.it\/it\/wp-json\/wp\/v2\/pages\/16\/?pag=3\">3<\/a>\n<span class=\"page-numbers dots\">&hellip;<\/span>\n<a class=\"page-numbers\" href=\"https:\/\/ambkiev.esteri.it\/it\/wp-json\/wp\/v2\/pages\/16\/?pag=55\">55<\/a>\n<a class=\"next page-numbers\" href=\"https:\/\/ambkiev.esteri.it\/it\/wp-json\/wp\/v2\/pages\/16\/?pag=2\"><svg class=\"icon icon-primary\"><use xlink:href=\"https:\/\/ambkiev.esteri.it\/wp-content\/themes\/sedi-tema\/assets\/svg\/sprites.svg#it-chevron-right\"><\/use><\/svg>\n                                    <span class=\"visually-hidden\">Pagina successiva<\/span><\/a>                    <\/div>\n                <\/nav>\n            <\/div>   <!--.col-md-12 -->\n              <\/div><!--.row -->\n              \n","protected":false},"excerpt":{"rendered":"","protected":false},"author":1,"featured_media":0,"parent":0,"menu_order":8,"comment_status":"closed","ping_status":"closed","template":"","meta":{"footnotes":""},"class_list":["post-16","page","type-page","status-publish","hentry"],"_links":{"self":[{"href":"https:\/\/ambkiev.esteri.it\/it\/wp-json\/wp\/v2\/pages\/16","targetHints":{"allow":["GET"]}}],"collection":[{"href":"https:\/\/ambkiev.esteri.it\/it\/wp-json\/wp\/v2\/pages"}],"about":[{"href":"https:\/\/ambkiev.esteri.it\/it\/wp-json\/wp\/v2\/types\/page"}],"author":[{"embeddable":true,"href":"https:\/\/ambkiev.esteri.it\/it\/wp-json\/wp\/v2\/users\/1"}],"replies":[{"embeddable":true,"href":"https:\/\/ambkiev.esteri.it\/it\/wp-json\/wp\/v2\/comments?post=16"}],"version-history":[{"count":2,"href":"https:\/\/ambkiev.esteri.it\/it\/wp-json\/wp\/v2\/pages\/16\/revisions"}],"predecessor-version":[{"id":21,"href":"https:\/\/ambkiev.esteri.it\/it\/wp-json\/wp\/v2\/pages\/16\/revisions\/21"}],"wp:attachment":[{"href":"https:\/\/ambkiev.esteri.it\/it\/wp-json\/wp\/v2\/media?parent=16"}],"curies":[{"name":"wp","href":"https:\/\/api.w.org\/{rel}","templated":true}]}}